{"id":72,"date":"2018-06-19T11:23:16","date_gmt":"2018-06-19T11:23:16","guid":{"rendered":"http:\/\/departamentos.unileon.es\/medicina-preventiva-y-salud-publica\/?page_id=72"},"modified":"2024-12-20T11:04:42","modified_gmt":"2024-12-20T11:04:42","slug":"actividad-investigadora","status":"publish","type":"page","link":"https:\/\/departamentos.unileon.es\/medicina-preventiva-y-salud-publica\/actividad-investigadora\/","title":{"rendered":"Actividad investigadora"},"content":{"rendered":"<h2>Las publicaciones m\u00e1s recientes<\/h2>\n<a href=\"https:\/\/portalcientifico.unileon.es\/grupos\/8535\/detalle\">https:\/\/portalcientifico.unileon.es\/grupos\/8535\/detalle<\/a>\n<h2>Publicaciones del a\u00f1o 2019<\/h2>\n<ul>\n \t<li><a href=\"https:\/\/www.cambridge.org\/core\/journals\/epidemiology-and-infection\/article\/adaptation-of-antibiotic-treatment-to-clinical-practice-guidelines-in-patients-aged-65-years-hospitalised-due-to-communityacquired-pneumonia\/61F2BD75642F064E0AE798E5C9205021\">Adaptation of antibiotic treatment to clinical practice guidelines in patients aged \u2a7e65 years hospitalised due to community-acquired pneumonia. Epidemiology and Infection,&nbsp;<\/a>\nFern\u00e1ndez-Sierra, M. A., Rueda-Domingo, M. T., Rodr\u00edguez-del-\u00c1guila, M. M., P\u00e9rez-Lozano, M. J., Force, L., Fern\u00e1ndez-Villa, T., \u2026 Dom\u00ednguez, A. (2018)<\/li>\n \t<li><a href=\"https:\/\/www.mdpi.com\/2072-6643\/10\/12\/2000\">Seafood consumption, omega-3 fatty acids intake, and life-time&nbsp;prevalence of depression in the PREDIMED-plus trial.<\/a>\nS\u00e1nchez-Villegas, A., \u00c1lvarez-P\u00e9rez, J., Toledo, E., Salas-Salvad\u00f3, J.,\nOrtega-Azor\u00edn, C., Zome\u00f1o, M. D., Mart\u00edn, V.\u2026 Serra-Majem, L. (2018).<\/li>\n \t<li><a href=\"https:\/\/www.sciencedirect.com\/science\/article\/pii\/S1138359318304209?via%3Dihub\">Incidence, trend and municipal distribution of tobacco- associated&nbsp;tumours in the Health Area of Le\u00f3n: 1997-2014 [Incidencia, tendencia y distribuci\u00f3n municipal de los tumores asociados al tabaco en el \u00c1rea de Salud de Le\u00f3n: 1997-2014].&nbsp;<\/a>\nGarc\u00eda-Mart\u00ednez, L., D\u00e1vila Batista, V., Est\u00e9vez Iglesias, L., Gonz\u00e1lez\nDonquiles, C., Hera Magallanes, A., y Molina de la Torre, A. J. (2018).<\/li>\n \t<li><a href=\"https:\/\/www.sciencedirect.com\/science\/article\/pii\/S2211034819300069?via%3Dihub\">Pilates for people with multiple sclerosis: A systematic review and metaanalysis.<\/a>\nS\u00e1nchez-Lastra, M. A., Mart\u00ednez-Aldao, D., Molina, A. J., y Ay\u00e1n, C. (2019).<\/li>\n \t<li><a href=\"https:\/\/www.sciencedirect.com\/science\/article\/pii\/S0883540319300919?via%3Dihub\">Differences in Risk of Revision and Mortality Between Total and Unicompartmental Knee Arthroplasty. The Influence of Hospital Volume.<\/a>\nArias-de la Torre, J., Valderas, J. M., Evans, J. P., Mart\u00edn, V., Molina, A. J., Mu\u00f1oz, L., \u2026 Espallargues, M. (2019).&nbsp;<\/li>\n<\/ul>\n<h2>Publicaciones del a\u00f1o 2018<\/h2>\n<ul>\n \t<li><a href=\"https:\/\/www.sciencedirect.com\/science\/article\/pii\/S0160412017310279?via%3Dihub\">Long-term exposure to trihalomethanes in drinking water and breast cancer in the Spanish multicase-control study on cancer (MCC-SPAIN).<\/a>\nFont-Ribera, L., Gr\u00e0cia-Lavedan, E., Aragon\u00e9s, N., P\u00e9rez-G\u00f3mez, B., Poll\u00e1n, M., Amiano, P., Molina, A.J., Fern\u00e1ndez Villa, T., \u2026 Villanueva, C. M. (2018).<\/li>\n \t<li><a href=\"https:\/\/link.springer.com\/article\/10.1007%2Fs11606-017-4267-8\">A Composite of Functional Status and Pneumonia Severity Index Improves the Prediction of Pneumonia Mortality in Older Patients.<\/a>\nSanz, F., Morales-Su\u00e1rez-Varela, M., Fern\u00e1ndez, E., Force, L., P\u00e9rez-Lozano, M. J., Mart\u00edn, V., \u2026 (2018).&nbsp;<\/li>\n \t<li><a href=\"https:\/\/www.sciencedirect.com\/science\/article\/pii\/S0213911117303102?via%3Dihub\">Drug use, family support and related factors in university students. A cross-sectional study based on the uniHcos Project data.<\/a>&nbsp;\nArias de la Torre, J. , Fern\u00e1ndez-Villa, T., Molina, A. J., Amezcua-Prieto, C., Mateos, R., Cancela, J. M., Vilorio Marqu\u00e9s, L \u2026 Mart\u00edn, V. (2018).&nbsp;<\/li>\n \t<li><a href=\"https:\/\/www.sciencedirect.com\/science\/article\/pii\/S0378512217308770?via%3Dihub\">Meat intake, methods and degrees of cooking and breast cancer risk in the MCC-Spain study.<\/a>&nbsp;\nBoldo, E., Castell\u00f3, A., Aragon\u00e9s, N., Amiano, P., P\u00e9rez-G\u00f3mez, B., Casta\u00f1o-Vinyals, G., Mart\u00edn, V., Molina, A. J., \u2026 Poll\u00e1n, M. (2018).&nbsp;<\/li>\n \t<li><a href=\"https:\/\/doi.org\/10.1016\/j.envpol.2018.02.065\">Risk of breast cancer and residential proximity to industrial installations: New findings from a multicase-control study (MCC-Spain).<\/a>&nbsp;\nGarc\u00eda-P\u00e9rez, J., Lope, V., P\u00e9rez-G\u00f3mez, B., Molina, A. J., Tard\u00f3n, A., D\u00edaz Santos, M. A., \u2026 Poll\u00e1n, M. (2018).&nbsp;<\/li>\n \t<li><a href=\"https:\/\/doi.org\/10.1007\/s00394-018-1674-5\">Low adherence to the western and high adherence to the mediterranean dietary patterns could prevent colorectal cancer.<\/a>&nbsp;\nCastell\u00f3, A., Amiano, P., de Larrea, N., Mart\u00edn, V., Alonso, M. H., Casta\u00f1oVinyals, G., Fern\u00e1ndez Villa, T. \u2026 D\u00e1vila Batista, V., \u2026 Poll\u00e1n, M. (2018).&nbsp;<\/li>\n \t<li><a href=\"https:\/\/doi.org\/10.1007\/s00394-016-1350-6\">Meat intake, cooking methods and doneness and risk of colorectal tumours in the Spanish multicase-control study (MCC-Spain).&nbsp;<\/a>\nBatlle, J., Gracia-Lavedan, E., Romaguera, D., Mendez, M., Casta\u00f1o-Vinyals, G., Mart\u00edn, V. \u2026, Fern\u00e1ndez Villa, T., Barrio, J. P.,\u2026 Amiano, P. (2018).&nbsp;<\/li>\n \t<li><a href=\"http:\/\/doi.org\/10.1007\/s10120-017-0774-x\">High adherence to the Western, Prudent, and Mediterranean dietary patterns and risk of gastric adenocarcinoma: MCC-Spain study.<\/a>&nbsp;\nCastell\u00f3, A., Fern\u00e1ndez de Larrea, N., Mart\u00edn, V., D\u00e1vila-Batista, V., Boldo, E., Guevara, M., \u2026 Aragon\u00e9s, N. (2018).<\/li>\n \t<li><a href=\"http:\/\/doi.org\/10.1289\/EHP1837\">Evaluating the association between artificial lightat-night exposure and breast and prostate cancer risk in Spain (MCCSpain study).&nbsp;<\/a>\nGarc\u00eda-S\u00e1enz, A., S\u00e1nchez de Miguel, A., Espinosa, A., Valentin, A., Aragon\u00e9s, N., Llorca, J., Mart\u00edn S\u00e1nchez, V., Fern\u00e1ndez-Villa, T. \u2026 Kogevinas, M. (2018).&nbsp;<\/li>\n \t<li><a href=\"http:\/\/doi.org\/10.1016\/j.jsbmb.2018.04.005\">Serum 25-hydroxyvitamin D and breast cancer risk by pathological subtype (MCC-Spain).&nbsp;<\/a>\nLope, V., Castell\u00f3, A., Mena-Bravo, A., Amiano, P., Aragon\u00e9s, N., Fern\u00e1ndez-Villa, T., \u2026 Poll\u00e1n, M. (2018).&nbsp;<\/li>\n \t<li><a href=\"https:\/\/doi.org\/10.1016\/j.clnu.2018.05.023\">Leisure-time physical activity at moderate and high intensity is associated with parameters of body composition, muscle strength and sarcopenia in aged adults with obesity and metabolic syndrome from the PREDIMED-Plus study.<\/a>&nbsp;\nRosique-Esteban, N., Babio, N., D\u00edaz-L\u00f3pez, A., Romaguera, D., Alfredo Mart\u00ednez, J., Mart\u00edn S\u00e1nchez, V. M., Schr\u00f6der, H., \u2026 Salas-Salvad\u00f3, J. (2018).&nbsp;<\/li>\n \t<li><a href=\"https:\/\/link.springer.com\/article\/10.1007%2Fs00394-018-1743-9\">Net contribution and predictive ability of the CUN-BAE body fatness index in relation to cardiometabolic conditions.<\/a>&nbsp;\nD\u00e1vila-Batista, V., Molina, A. J., Vilorio-Marqu\u00e9s, L., Lujan-Barroso, L., de Souza-Teixeira, F., Olmedo-Requena, R., Garc\u00eda Mart\u00ednez, L., \u00c1lvarez \u00c1lvarez, L. \u2026 Martin, V. (2018).&nbsp;<\/li>\n \t<li><a href=\"https:\/\/doi.org\/10.1007\/s00394-018-1773-3\">Association study of dietary non-enzymatic antioxidant capacity (NEAC) and colorectal cancer risk in the Spanish Multicase\u2013Control Cancer (MCC-Spain) study.&nbsp;<\/a>\nAmiano, P., Molina-Montes, E., Molinuevo, A., Huerta, J.-M., Romaguera,D., Gracia, E., Mart\u00edn, V.,Fern\u00e1ndez Villa, T., Molina de la Torre, A.J., \u2026S\u00e1nchez, M. J. (2018).&nbsp;<\/li>\n<\/ul>\n<h2>Publicaciones anteriores<\/h2>\n<ul>\n \t<li><a href=\"https:\/\/ehp.niehs.nih.gov\/ehp155\/\">Colorectal Cancer and Long-Term Exposure to Trihalomethanes in Drinking Water: A Multicenter Case\u2013Control Study in Spain and Italy<\/a>\nCristina M. Villanueva,&nbsp;Esther Gracia-Lavedan,&nbsp;Cristina Bosetti,&nbsp;Elena Righi,&nbsp;Antonio Jos\u00e9 Molina,&nbsp;Vicente Mart\u00edn,&nbsp;Elena Boldo,&nbsp;Nuria Aragon\u00e9s,&nbsp;Beatriz Perez-Gomez,&nbsp;Marina Pollan,. (2017)<\/li>\n \t<li><a href=\"https:\/\/insights.ovid.com\/pubmed?pmid=26440133\">Do Basketball Players Have a High Risk of Pulmonary Embolism? A Scoping Review.<\/a>\n&nbsp;Casals M, Mart\u00ednez JA, Cayl\u00e0 JA, Mart\u00edn V. (2016)<\/li>\n \t<li><a href=\"https:\/\/ehp.niehs.nih.gov\/15-10334\/\">Ingested Nitrate and Breast Cancer in the Spanish Multicase-Control Study on Cancer (MCC-Spain).<\/a>\nEspejo-Herrera N, Gracia-Lavedan E, Pollan M, Aragon\u00e9s N, Boldo E, Perez-Gomez B, Altzibar JM, Amiano P, Zabala AJ, Ardanaz E, Guevara M, Molina AJ, Barrio JP, G\u00f3mez-Acebo I, Tard\u00f3n A, Peir\u00f3 R, Chirlaque MD, Palau M, Mu\u00f1oz M, Font-Ribera L, Casta\u00f1o-Vinyals G, Kogevinas M, Villanueva CM. (2016)<\/li>\n \t<li><a href=\"https:\/\/www.sciencedirect.com\/science\/article\/pii\/S0003999316000939?via%3Dihub\">Patient-reported mobility: a systematic review.&nbsp;Archives of physical medicine and rehabilitation.<\/a>\nPinto-Carral A, Fern\u00e1ndez-Villa T., Molina AJ. (2016)<\/li>\n \t<li><a href=\"https:\/\/onlinelibrary.wiley.com\/doi\/abs\/10.1002\/ijc.30083\">Colorectal cancer risk and nitrate exposure through drinking water and diet.<\/a>\nEspejo-Herrera N,&nbsp;Gr\u00e0cia-Lavedan E,&nbsp;Boldo E,&nbsp;Aragon\u00e9s N,&nbsp;P\u00e9rez-G\u00f3mez B,&nbsp;Poll\u00e1n M,&nbsp;Molina AJ,&nbsp;Fern\u00e1ndez-Villa T,&nbsp;Mart\u00edn V,&nbsp;La Vecchia C,&nbsp;Bosetti C,&nbsp;Tavani A,&nbsp;Polesel J9,&nbsp;Serraino D,&nbsp;G\u00f3mez Acebo I,&nbsp;Altzibar JM,&nbsp;Ardanaz E,&nbsp;Burgui R,&nbsp;Pisa F,&nbsp;Fern\u00e1ndez-Tard\u00f3n G,&nbsp;Tard\u00f3n A,&nbsp;Peir\u00f3 R,&nbsp;Navarro C,&nbsp;Casta\u00f1o-Vinyals G,&nbsp;Moreno V,&nbsp;Righi E,&nbsp;Aggazzotti G,&nbsp;Basaga\u00f1a X,&nbsp;Nieuwenhuijsen M,&nbsp;Kogevinas M,&nbsp;Villanueva CM. (2016)<\/li>\n \t<li><a href=\"https:\/\/link.springer.com\/article\/10.1007\/s00394-016-1350-6\">Meat intake, cooking methods and doneness and risk of colorectal tumours in the Spanish multicase-control study (MCC-Spain).<\/a>\nde Batlle J,&nbsp;Gracia-Lavedan E,&nbsp;Romaguera D,&nbsp;Mendez M,&nbsp;Casta\u00f1o-Vinyals G,&nbsp;Mart\u00edn V,&nbsp;Aragon\u00e9s N,&nbsp;G\u00f3mez-Acebo I,&nbsp;Olmedo-Requena R,&nbsp;Jimenez-Moleon JJ,&nbsp;Guevara M,&nbsp;Azpiri M,&nbsp;Llorens-Ivorra C,&nbsp;Fernandez-Tardon G,&nbsp;Lorca JA,&nbsp;Huerta JM,&nbsp;Moreno V,&nbsp;Boldo E,&nbsp;P\u00e9rez-G\u00f3mez B,&nbsp;Castilla J,&nbsp;Fern\u00e1ndez-Villa T,&nbsp;Barrio JP,&nbsp;Andreu M,&nbsp;Castells A,&nbsp;Dierssen T,&nbsp;Altzibar JM,&nbsp;Kogevinas M,&nbsp;Poll\u00e1n M,&nbsp;Amiano P. (2016)<\/li>\n \t<li><a href=\"https:\/\/journals.lww.com\/menopausejournal\/Abstract\/2015\/10000\/Hormonal_contraception_and_postmenopausal_hormone.17.aspx\">Hormonal contraception and postmenopausal hormone therapy in Spain: time trends and patterns of use. Menopause.<\/a>&nbsp;\nCostas L, Sequera VG, Quesada P, Altzibar JM, Lope V, P\u00e9rez-G\u00f3mez B, Benavente Y, Mart\u00edn V, Casabonne D, Robles C, Llorca J, Moreno-Iribas C, Fernandez-Tard\u00f3n G, Moreno V, Caballero-Granado FJ, Salas D, Jim\u00e9nez-Mole\u00f3n JJ, Marcos-Gragera R, Chirlaque MD, Amiano P, Molina AJ, Casta\u00f1o-Vinyals G, Aragon\u00e9s N, Kogevinas M, Poll\u00e1n M, de Sanjos\u00e9 S. (2015)<\/li>\n \t<li><a href=\"https:\/\/link.springer.com\/article\/10.1007\/s10654-015-0073-y\">Breast cancer risk and night shift work in a case-control study in a Spanish population.&nbsp;<\/a>\nPapantoniou K, Casta\u00f1o-Vinyals G, Espinosa A, Aragon\u00e9s N, P\u00e9rez-G\u00f3mez B, Ardanaz E, Altzibar JM, Sanchez VM, G\u00f3mez-Acebo I, Llorca J, Mu\u00f1oz D, Tard\u00f3n A, Peir\u00f3 R, Marcos-Gragera R, Pollan M, Kogevinas M. (2016)<\/li>\n \t<li><a href=\"https:\/\/link.springer.com\/article\/10.1007\/s10995-013-1385-8\">&nbsp;Pandemic influenza A (H1N1) in non-vaccinated, pregnant women in Spain (2009-2010).<\/a>\nMorales-Su\u00e1rez-Varela M, Gonz\u00e1lez-Candelas F, Astray J, Alonso J, Castro A, Cant\u00f3n R, Gal\u00e1n JC, Garin O, Soldevila N, Baricot M, Castilla J, Godoy P, Delgado-Rodr\u00edguez M, Mart\u00edn V, Mayoral JM, Pumarola T, Quintana JM, Tamames S, Llopis-Gonz\u00e1lez A, Dom\u00ednguez A; CIBERESP Cases and Controls in Pandemic Influenza Working Group, Spain. (2014)<\/li>\n \t<li><a href=\"https:\/\/academic.oup.com\/cid\/article\/57\/2\/167\/311751\">Influenza Vaccine Effectiveness in Preventing Outpatient, Inpatient, and Severe Cases of Laboratory-Confirmed Influenza<\/a>\n<span class=\"al-author-name\">Jes\u00fas Castilla<i class=\"icon-general-mail\"><\/i><\/span>&nbsp;<span class=\"al-author-name\">Pere Godoy<\/span>&nbsp;<span class=\"al-author-name\">\u00c1ngela Dom\u00ednguez<\/span>&nbsp;<span class=\"al-author-name\">Iv\u00e1n Mart\u00ednez-Baz<\/span>&nbsp;<span class=\"al-author-name\">Jenaro Astray<\/span><span class=\"al-author-name\">Vicente Mart\u00edn<\/span>&nbsp;<span class=\"al-author-name\">Miguel Delgado-Rodr\u00edguez<\/span>&nbsp;<span class=\"al-author-name\">Maretva Baricot<\/span>&nbsp;<span class=\"al-author-name\">Nuria Soldevila<\/span><span class=\"al-author-name\">Jos\u00e9 Mar\u00eda Mayoral(2013)<\/span><\/li>\n<\/ul>","protected":false},"excerpt":{"rendered":"<p>Las publicaciones m\u00e1s recientes https:\/\/portalcientifico.unileon.es\/grupos\/8535\/detalle Publicaciones del a\u00f1o 2019 Adaptation of antibiotic treatment to clinical practice guidelines in patients aged \u2a7e65 years hospitalised due to community-acquired pneumonia. Epidemiology and Infection,&nbsp; Fern\u00e1ndez-Sierra, M. A., Rueda-Domingo, M. T., Rodr\u00edguez-del-\u00c1guila, M. M., P\u00e9rez-Lozano, M. J., Force, L., Fern\u00e1ndez-Villa, T., \u2026 Dom\u00ednguez, A. (2018) Seafood consumption, omega-3 fatty acids [&hellip;]<\/p>\n","protected":false},"author":160,"featured_media":0,"parent":0,"menu_order":0,"comment_status":"closed","ping_status":"closed","template":"","meta":{"ngg_post_thumbnail":0,"footnotes":""},"class_list":["post-72","page","type-page","status-publish","hentry"],"yoast_head":"<!-- This site is optimized with the Yoast SEO plugin v25.8 - https:\/\/yoast.com\/wordpress\/plugins\/seo\/ -->\n<title>Actividad investigadora - Medicina Preventiva y Salud P\u00fablica<\/title>\n<meta name=\"robots\" content=\"index, follow, max-snippet:-1, max-image-preview:large, max-video-preview:-1\" \/>\n<link rel=\"canonical\" href=\"https:\/\/departamentos.unileon.es\/medicina-preventiva-y-salud-publica\/actividad-investigadora\/\" \/>\n<meta property=\"og:locale\" content=\"es_ES\" \/>\n<meta property=\"og:type\" content=\"article\" \/>\n<meta property=\"og:title\" content=\"Actividad investigadora - Medicina Preventiva y Salud P\u00fablica\" \/>\n<meta property=\"og:description\" content=\"Las publicaciones m\u00e1s recientes https:\/\/portalcientifico.unileon.es\/grupos\/8535\/detalle Publicaciones del a\u00f1o 2019 Adaptation of antibiotic treatment to clinical practice guidelines in patients aged \u2a7e65 years hospitalised due to community-acquired pneumonia. Epidemiology and Infection,&nbsp; Fern\u00e1ndez-Sierra, M. A., Rueda-Domingo, M. T., Rodr\u00edguez-del-\u00c1guila, M. M., P\u00e9rez-Lozano, M. J., Force, L., Fern\u00e1ndez-Villa, T., \u2026 Dom\u00ednguez, A. (2018) Seafood consumption, omega-3 fatty acids [&hellip;]\" \/>\n<meta property=\"og:url\" content=\"https:\/\/departamentos.unileon.es\/medicina-preventiva-y-salud-publica\/actividad-investigadora\/\" \/>\n<meta property=\"og:site_name\" content=\"Medicina Preventiva y Salud P\u00fablica\" \/>\n<meta property=\"article:modified_time\" content=\"2024-12-20T11:04:42+00:00\" \/>\n<meta name=\"twitter:card\" content=\"summary_large_image\" \/>\n<meta name=\"twitter:label1\" content=\"Tiempo de lectura\" \/>\n\t<meta name=\"twitter:data1\" content=\"6 minutos\" \/>\n<script type=\"application\/ld+json\" class=\"yoast-schema-graph\">{\"@context\":\"https:\/\/schema.org\",\"@graph\":[{\"@type\":\"WebPage\",\"@id\":\"https:\/\/departamentos.unileon.es\/medicina-preventiva-y-salud-publica\/actividad-investigadora\/\",\"url\":\"https:\/\/departamentos.unileon.es\/medicina-preventiva-y-salud-publica\/actividad-investigadora\/\",\"name\":\"Actividad investigadora - Medicina Preventiva y Salud P\u00fablica\",\"isPartOf\":{\"@id\":\"https:\/\/departamentos.unileon.es\/medicina-preventiva-y-salud-publica\/#website\"},\"datePublished\":\"2018-06-19T11:23:16+00:00\",\"dateModified\":\"2024-12-20T11:04:42+00:00\",\"inLanguage\":\"es\",\"potentialAction\":[{\"@type\":\"ReadAction\",\"target\":[\"https:\/\/departamentos.unileon.es\/medicina-preventiva-y-salud-publica\/actividad-investigadora\/\"]}]},{\"@type\":\"WebSite\",\"@id\":\"https:\/\/departamentos.unileon.es\/medicina-preventiva-y-salud-publica\/#website\",\"url\":\"https:\/\/departamentos.unileon.es\/medicina-preventiva-y-salud-publica\/\",\"name\":\"Medicina Preventiva y Salud P\u00fablica\",\"description\":\"Otro sitio m\u00e1s de Universidad de Le\u00f3n\",\"potentialAction\":[{\"@type\":\"SearchAction\",\"target\":{\"@type\":\"EntryPoint\",\"urlTemplate\":\"https:\/\/departamentos.unileon.es\/medicina-preventiva-y-salud-publica\/?s={search_term_string}\"},\"query-input\":{\"@type\":\"PropertyValueSpecification\",\"valueRequired\":true,\"valueName\":\"search_term_string\"}}],\"inLanguage\":\"es\"}]}<\/script>\n<!-- \/ Yoast SEO plugin. -->","yoast_head_json":{"title":"Actividad investigadora - Medicina Preventiva y Salud P\u00fablica","robots":{"index":"index","follow":"follow","max-snippet":"max-snippet:-1","max-image-preview":"max-image-preview:large","max-video-preview":"max-video-preview:-1"},"canonical":"https:\/\/departamentos.unileon.es\/medicina-preventiva-y-salud-publica\/actividad-investigadora\/","og_locale":"es_ES","og_type":"article","og_title":"Actividad investigadora - Medicina Preventiva y Salud P\u00fablica","og_description":"Las publicaciones m\u00e1s recientes https:\/\/portalcientifico.unileon.es\/grupos\/8535\/detalle Publicaciones del a\u00f1o 2019 Adaptation of antibiotic treatment to clinical practice guidelines in patients aged \u2a7e65 years hospitalised due to community-acquired pneumonia. Epidemiology and Infection,&nbsp; Fern\u00e1ndez-Sierra, M. A., Rueda-Domingo, M. T., Rodr\u00edguez-del-\u00c1guila, M. M., P\u00e9rez-Lozano, M. J., Force, L., Fern\u00e1ndez-Villa, T., \u2026 Dom\u00ednguez, A. (2018) Seafood consumption, omega-3 fatty acids [&hellip;]","og_url":"https:\/\/departamentos.unileon.es\/medicina-preventiva-y-salud-publica\/actividad-investigadora\/","og_site_name":"Medicina Preventiva y Salud P\u00fablica","article_modified_time":"2024-12-20T11:04:42+00:00","twitter_card":"summary_large_image","twitter_misc":{"Tiempo de lectura":"6 minutos"},"schema":{"@context":"https:\/\/schema.org","@graph":[{"@type":"WebPage","@id":"https:\/\/departamentos.unileon.es\/medicina-preventiva-y-salud-publica\/actividad-investigadora\/","url":"https:\/\/departamentos.unileon.es\/medicina-preventiva-y-salud-publica\/actividad-investigadora\/","name":"Actividad investigadora - Medicina Preventiva y Salud P\u00fablica","isPartOf":{"@id":"https:\/\/departamentos.unileon.es\/medicina-preventiva-y-salud-publica\/#website"},"datePublished":"2018-06-19T11:23:16+00:00","dateModified":"2024-12-20T11:04:42+00:00","inLanguage":"es","potentialAction":[{"@type":"ReadAction","target":["https:\/\/departamentos.unileon.es\/medicina-preventiva-y-salud-publica\/actividad-investigadora\/"]}]},{"@type":"WebSite","@id":"https:\/\/departamentos.unileon.es\/medicina-preventiva-y-salud-publica\/#website","url":"https:\/\/departamentos.unileon.es\/medicina-preventiva-y-salud-publica\/","name":"Medicina Preventiva y Salud P\u00fablica","description":"Otro sitio m\u00e1s de Universidad de Le\u00f3n","potentialAction":[{"@type":"SearchAction","target":{"@type":"EntryPoint","urlTemplate":"https:\/\/departamentos.unileon.es\/medicina-preventiva-y-salud-publica\/?s={search_term_string}"},"query-input":{"@type":"PropertyValueSpecification","valueRequired":true,"valueName":"search_term_string"}}],"inLanguage":"es"}]}},"_links":{"self":[{"href":"https:\/\/departamentos.unileon.es\/medicina-preventiva-y-salud-publica\/wp-json\/wp\/v2\/pages\/72","targetHints":{"allow":["GET"]}}],"collection":[{"href":"https:\/\/departamentos.unileon.es\/medicina-preventiva-y-salud-publica\/wp-json\/wp\/v2\/pages"}],"about":[{"href":"https:\/\/departamentos.unileon.es\/medicina-preventiva-y-salud-publica\/wp-json\/wp\/v2\/types\/page"}],"author":[{"embeddable":true,"href":"https:\/\/departamentos.unileon.es\/medicina-preventiva-y-salud-publica\/wp-json\/wp\/v2\/users\/160"}],"replies":[{"embeddable":true,"href":"https:\/\/departamentos.unileon.es\/medicina-preventiva-y-salud-publica\/wp-json\/wp\/v2\/comments?post=72"}],"version-history":[{"count":21,"href":"https:\/\/departamentos.unileon.es\/medicina-preventiva-y-salud-publica\/wp-json\/wp\/v2\/pages\/72\/revisions"}],"predecessor-version":[{"id":463,"href":"https:\/\/departamentos.unileon.es\/medicina-preventiva-y-salud-publica\/wp-json\/wp\/v2\/pages\/72\/revisions\/463"}],"wp:attachment":[{"href":"https:\/\/departamentos.unileon.es\/medicina-preventiva-y-salud-publica\/wp-json\/wp\/v2\/media?parent=72"}],"curies":[{"name":"wp","href":"https:\/\/api.w.org\/{rel}","templated":true}]}}