{"id":345,"date":"2011-11-04T13:03:23","date_gmt":"2011-11-04T13:03:23","guid":{"rendered":"http:\/\/departamentos.unileon.es\/biodiversidad-y-gestion-ambiental\/?page_id=345"},"modified":"2021-03-22T19:19:53","modified_gmt":"2021-03-22T19:19:53","slug":"zoologia-personal","status":"publish","type":"page","link":"https:\/\/departamentos.unileon.es\/biodiversidad-y-gestion-ambiental\/zoologia-personal\/","title":{"rendered":"Zoolog\u00eda: Personal"},"content":{"rendered":"\n\n\n<table width=\"587\">\n<tbody>\n<tr>\n<td width=\"587\">Nombre:&nbsp;Milagros Pilar Mier Durante<\/td>\n<\/tr>\n<tr>\n<td width=\"587\">Categor\u00eda:&nbsp;Catedr\u00e1tico de Universidad<\/td>\n<\/tr>\n<tr>\n<td width=\"587\">L\u00edneas de investigaci\u00f3n:&nbsp;Taxonom\u00eda y faun\u00edstica de pulgones o \u00e1fidos (Insecta, Hemiptera, Sternorrhyncha: Aphididae); de acuerdo con la clasificaci\u00f3n de Remaudi\u00e8re y Remaudi\u00e8re ampliada [Nieto Nafr\u00eda &amp; Favret, 2011], Registers of Family-group and genus-group taxa of Aphidoidea \/ Registros de los taxones del nivel familia y del nivel g\u00e9nero de Aphidoidea, Universidad de Le\u00f3n], con especial atenci\u00f3n a las faunas de Europa y Am\u00e9rica.<\/td>\n<\/tr>\n<tr>\n<td width=\"587\">Proyectos:&nbsp;En los \u00faltimos 15 a\u00f1os proyectos sucesivos para el estudio de la Afidofauna de la pen\u00ednsula Ib\u00e9rica (con subvenci\u00f3n nacional en convocatorias competitivas) y para el estudio de la afidofauna de la Argentina (con subvenci\u00f3n auton\u00f3mica en convocatorias competitivas).<\/td>\n<\/tr>\n<tr>\n<td width=\"587\">Tel\u00e9fono:&nbsp;98729-1519<\/td>\n<\/tr>\n<tr>\n<td width=\"587\">E-mail:&nbsp;mpmied@unileon.es<\/td>\n<\/tr>\n<\/tbody>\n<\/table>\n<p><span style=\"color: #808080;\">______________________________________________________________________________________________________________________________<\/span><\/p>\n<hr>\n<table width=\"587\">\n<tbody>\n<tr>\n<td width=\"587\">Nombre:&nbsp;Juan Antonio R\u00e9gil Cueto<\/td>\n<\/tr>\n<tr>\n<td width=\"587\">Categor\u00eda:&nbsp;Profesor Titular<\/td>\n<\/tr>\n<tr>\n<td width=\"587\">-Biodiversidad de cole\u00f3pteros acu\u00e1ticos de \u00e1mbito mundial.<\/td>\n<\/tr>\n<tr>\n<td width=\"587\">-Asesoramiento, dict\u00e1menes e informes para Administraciones P\u00fablicas y empresas en materia de plagas entomol\u00f3gicas a nivel urbano y periurbano, agr\u00edcola, forestal y acu\u00e1tico.<\/td>\n<\/tr>\n<tr>\n<td width=\"587\">-Reconocimiento y caracterizaci\u00f3n de entomofauna \u00fatil asociada a ambientes urbanos y periurbanos.<\/td>\n<\/tr>\n<tr>\n<td width=\"587\">-Dise\u00f1o y elaboraci\u00f3n de bases de datos sobre coleopterofauna acu\u00e1tica mediante MySQL para la creaci\u00f3n de p\u00e1ginas webs din\u00e1micas.<\/td>\n<\/tr>\n<tr>\n<td width=\"587\">-Actividades medioambientales de reutilizaci\u00f3n de documentos con alto valor cultural y promociones, a partir de la recogida selectiva mediante contenedores azules.<\/td>\n<\/tr>\n<tr>\n<td width=\"587\">Tel\u00e9fono:&nbsp;98729-1500<\/td>\n<\/tr>\n<tr>\n<td width=\"587\">E-mail:&nbsp;jaregc@unileon.es<\/td>\n<\/tr>\n<\/tbody>\n<\/table>\n<p><span style=\"color: #808080;\">______________________________________________________________________________________________________________________________<\/span><\/p>\n<p><a href=\"http:\/\/departamentos.unileon.es\/biodiversidad-y-gestion-ambiental\/files\/2021\/03\/Antonio_Laborda_foto.jpg\"><img loading=\"lazy\" decoding=\"async\" class=\"alignnone  wp-image-727\" src=\"http:\/\/departamentos.unileon.es\/biodiversidad-y-gestion-ambiental\/files\/2021\/03\/Antonio_Laborda_foto.jpg\" alt=\"\" width=\"232\" height=\"263\"><\/a><\/p>\n<table style=\"width: 100%; height: 132px;\" width=\"587\">\n<tbody>\n<tr style=\"height: 22px;\">\n<td style=\"height: 22px;\" width=\"587\">Nombre: Antonio Jos\u00e9 Laborda Navia<\/td>\n<\/tr>\n<tr style=\"height: 22px;\">\n<td style=\"height: 22px;\" width=\"587\">Categor\u00eda: Profesor Titular de Universidad<\/td>\n<\/tr>\n<tr style=\"height: 22px;\">\n<td style=\"height: 22px;\" width=\"587\">Tel\u00e9fono:&nbsp;987 29 15 16<\/td>\n<\/tr>\n<tr style=\"height: 22px;\">\n<td style=\"height: 22px;\" width=\"587\">L\u00edneas de investigaci\u00f3n: Comunidades bent\u00f3nicas marinas<\/td>\n<\/tr>\n<tr style=\"height: 22px;\">\n<td style=\"height: 22px;\" width=\"587\"><a href=\"mailto:ajlabn@unileon.es\">E-mail:&nbsp;ajlabn@unileon.es<\/a><\/td>\n<\/tr>\n<tr style=\"height: 22px;\">\n<td style=\"height: 22px;\" width=\"587\">URL (web<\/td>\n<\/tr>\n<\/tbody>\n<\/table>\n<p><span style=\"color: #808080;\">______________________________________________________________________________________________________________________________<\/span><\/p>\n<p><a href=\"http:\/\/departamentos.unileon.es\/biodiversidad-y-gestion-ambiental\/files\/2021\/03\/Raqel_Maze_foto.jpg\"><img loading=\"lazy\" decoding=\"async\" class=\"alignnone  wp-image-729\" src=\"http:\/\/departamentos.unileon.es\/biodiversidad-y-gestion-ambiental\/files\/2021\/03\/Raqel_Maze_foto.jpg\" alt=\"\" width=\"295\" height=\"241\"><\/a><\/p>\n<table width=\"587\">\n<tbody>\n<tr>\n<td width=\"587\">Nombre:&nbsp;Raquel Ana Maz\u00e9 Gonz\u00e1lez<\/td>\n<\/tr>\n<tr>\n<td width=\"587\">Categor\u00eda:&nbsp;Profesor Titular de Universidad<\/td>\n<\/tr>\n<tr>\n<td width=\"587\">Tel\u00e9fono:&nbsp;987 29-1518<\/td>\n<\/tr>\n<tr>\n<td width=\"587\">Investigaci\u00f3n:&nbsp;Macrofauna intermareal: faun\u00edstica, comunidades, ecolog\u00eda. Distribuci\u00f3n y dieta de peces intermareales. Tambi\u00e9n colabora en estudios sobre macroinvertebrados de agua dulce y de Odonatos.<\/td>\n<\/tr>\n<tr>\n<td width=\"587\">E-mail:&nbsp;raquel.maze@unileon.es<\/td>\n<\/tr>\n<\/tbody>\n<\/table>\n<p><span style=\"color: #808080;\">_____________________________________________________________________________________________________________________________<\/span><\/p>\n<table width=\"587\">\n<tbody>\n<tr>\n<td width=\"587\">Nombre:&nbsp;E. Jorge Tizado Morales<\/td>\n<\/tr>\n<tr>\n<td width=\"587\">Categor\u00eda:&nbsp;Titular de Universidad<\/td>\n<\/tr>\n<tr>\n<td width=\"587\">Tel\u00e9fono:&nbsp;987 442018<\/td>\n<\/tr>\n<tr>\n<td width=\"587\">L\u00edneas de investigaci\u00f3n:<\/td>\n<\/tr>\n<tr>\n<td width=\"587\">\u2013 Control biol\u00f3gico de plagas agroforestales<\/td>\n<\/tr>\n<tr>\n<td width=\"587\">Estudios de control biol\u00f3gico: enemigos naturales y din\u00e1mica de poblaciones<\/td>\n<\/tr>\n<tr>\n<td width=\"587\">\u2013 Indicadores biol\u00f3gicos de la calidad ambiental<\/td>\n<\/tr>\n<tr>\n<td width=\"587\">E-mail:&nbsp;ej.tizado@unileon.es<\/td>\n<\/tr>\n<tr>\n<td width=\"587\"><a href=\"http:\/\/www3.unileon.es\/personal\/wwdbajtm\">Web de Zoolog\u00eda del Campus de Ponferrada:&nbsp;http:\/\/www3.unileon.es\/personal\/wwdbajtm<\/a><\/td>\n<\/tr>\n<\/tbody>\n<\/table>\n<p>&nbsp;<\/p>\n<p><span style=\"color: #808080;\">______________________________________________________________________________________________________________________________<\/span><\/p>\n<table width=\"587\">\n<tbody>\n<tr>\n<td width=\"587\">Nombre:&nbsp;Etelvina N\u00fa\u00f1ez P\u00e9rez<\/td>\n<\/tr>\n<tr>\n<td width=\"587\">Categor\u00eda:&nbsp;Titular de Escuela Universitaria<\/td>\n<\/tr>\n<tr>\n<td width=\"587\">Tel\u00e9fono:&nbsp;987 442012<\/td>\n<\/tr>\n<tr>\n<td width=\"587\">L\u00edneas de investigaci\u00f3n:<\/td>\n<\/tr>\n<tr>\n<td width=\"587\">\u2013 Control biol\u00f3gico de plagas agroforestales.<\/td>\n<\/tr>\n<tr>\n<td width=\"587\">Estudios de control biol\u00f3gico: enemigos naturales y din\u00e1mica de poblaciones<\/td>\n<\/tr>\n<tr>\n<td width=\"587\">\u2013 Indicadores biol\u00f3gicos de la calidad ambiental.<\/td>\n<\/tr>\n<tr>\n<td width=\"587\">Evaluaci\u00f3n con bioindicadores de la calidad de suelos y de aguas<\/td>\n<\/tr>\n<tr>\n<td width=\"587\">E-mail:&nbsp;enunp@unileon.es<\/td>\n<\/tr>\n<tr>\n<td width=\"587\"><a href=\"http:\/\/www3.unileon.es\/personal\/wwdbajtm\">Web de Zoolog\u00eda del Campus de Ponferrada:&nbsp;http:\/\/www3.unileon.es\/personal\/wwdbajtm<\/a><\/td>\n<\/tr>\n<\/tbody>\n<\/table>\n<p><span style=\"color: #808080;\">______________________________________________________________________________________________________________________________<\/span><\/p>\n<p><a href=\"http:\/\/departamentos.unileon.es\/biodiversidad-y-gestion-ambiental\/files\/2021\/03\/Vittorio_Baglione_foto.jpg\"><img loading=\"lazy\" decoding=\"async\" class=\"alignnone  wp-image-730\" src=\"http:\/\/departamentos.unileon.es\/biodiversidad-y-gestion-ambiental\/files\/2021\/03\/Vittorio_Baglione_foto.jpg\" alt=\"\" width=\"282\" height=\"212\"><\/a><\/p>\n<table width=\"587\">\n<tbody>\n<tr>\n<td width=\"587\">Nombre:&nbsp;Vittorio Baglione<\/td>\n<\/tr>\n<tr>\n<td width=\"587\">Categor\u00eda:&nbsp;Profesor Titular<\/td>\n<\/tr>\n<tr>\n<td width=\"587\">Tel\u00e9fono:&nbsp;987 29&nbsp;19 07<\/td>\n<\/tr>\n<tr>\n<td width=\"587\">L\u00edneas de investigaci\u00f3n:&nbsp;Etolog\u00eda: Evoluci\u00f3n del comportamento social, la cooperaci\u00f3n, la comunicaci\u00f3n y el parasitismo de cr\u00eda en los animales.&nbsp;<\/td>\n<\/tr>\n<tr>\n<td width=\"587\"><a href=\"mailto:vbag@unileon.es\">E-mail:&nbsp;vbag@unileon.es<\/a><\/td>\n<\/tr>\n<tr>\n<td width=\"587\">URL (web):&nbsp;<\/td>\n<\/tr>\n<tr>\n<td width=\"587\"><a href=\"https:\/\/scholar.google.es\/citations?user=QT2HLcoAAAAJ&amp;hl=it\">&nbsp;https:\/\/scholar.google.es\/citations?user=QT2HLcoAAAAJ&amp;hl=it<\/a><\/td>\n<\/tr>\n<tr>\n<td width=\"587\"><a href=\"https:\/\/www.researchgate.net\/profile\/Vittorio-Baglione\">&nbsp;https:\/\/www.researchgate.net\/profile\/Vittorio-Baglione<\/a><\/td>\n<\/tr>\n<\/tbody>\n<\/table>\n<p><span style=\"color: #808080; font-size: inherit;\">______________________________________________________________________________________________________________________________<\/span><\/p>\n<p><a href=\"http:\/\/departamentos.unileon.es\/biodiversidad-y-gestion-ambiental\/files\/2021\/03\/DC.jpg\"><img loading=\"lazy\" decoding=\"async\" class=\"alignnone  wp-image-728\" src=\"http:\/\/departamentos.unileon.es\/biodiversidad-y-gestion-ambiental\/files\/2021\/03\/DC.jpg\" alt=\"\" width=\"224\" height=\"304\"><\/a><\/p>\n<table width=\"587\">\n<tbody>\n<tr>\n<td width=\"587\">\n<p>Nombre: Daniela Canestrari<\/p>\n<\/td>\n<\/tr>\n<tr>\n<td>Categor\u00eda: Profesora Contratado Doctor<\/td>\n<\/tr>\n<tr>\n<td>Tel\u00e9fono:&nbsp;987 29 1512<\/td>\n<\/tr>\n<tr>\n<td>L\u00edneas de investigaci\u00f3n: Comportamiento animal, biolog\u00eda de la evoluci\u00f3n.<\/td>\n<\/tr>\n<tr>\n<td><a href=\"mailto:dcan@unileon.es\">E-mail: dcan@unileon.es<\/a><\/td>\n<\/tr>\n<tr>\n<td>URL (web)<\/td>\n<\/tr>\n<\/tbody>\n<\/table>\n<p><span style=\"color: #808080;\">______________________________________________________________________________________________________________________________<\/span><\/p>\n<p><a href=\"http:\/\/departamentos.unileon.es\/biodiversidad-y-gestion-ambiental\/files\/2021\/03\/Andres_Ordiz_foto.jpg\"><img loading=\"lazy\" decoding=\"async\" class=\"alignnone  wp-image-726\" src=\"http:\/\/departamentos.unileon.es\/biodiversidad-y-gestion-ambiental\/files\/2021\/03\/Andres_Ordiz_foto.jpg\" alt=\"\" width=\"285\" height=\"256\"><\/a><\/p>\n<table width=\"587\">\n<tbody>\n<tr>\n<td width=\"587\">Nombre:&nbsp;Andr\u00e9s Ordiz Fern\u00e1ndez<\/td>\n<\/tr>\n<tr>\n<td width=\"587\">Categor\u00eda:&nbsp;Profesor ayudante doctor (\u00e1rea de Zoolog\u00eda)<\/td>\n<\/tr>\n<tr>\n<td width=\"587\">Tel\u00e9fono:&nbsp;987 291517<\/td>\n<\/tr>\n<tr>\n<td width=\"587\">L\u00edneas de investigaci\u00f3n: Comportamiento, ecolog\u00eda y conservaci\u00f3n de grandes carn\u00edvoros<\/td>\n<\/tr>\n<tr>\n<td width=\"587\"><a href=\"mailto:andres.ordiz@unileon.es\">E-mail:&nbsp;andres.ordiz@unileon.es<\/a><\/td>\n<\/tr>\n<tr>\n<td width=\"587\"><a href=\"https:\/\/www.researchgate.net\/profile\/Andres-Ordiz\/research\">URL (web):&nbsp;https:\/\/www.researchgate.net\/profile\/Andres-Ordiz\/research<\/a><\/td>\n<\/tr>\n<\/tbody>\n<\/table>\n<p><span style=\"color: #808080;\">______________________________________________________________________________________________________________________________<\/span><\/p>\n<table width=\"587\">\n<tbody>\n<tr>\n<td width=\"587\">PROFESORADO JUBILADO<\/td>\n<\/tr>\n<tr>\n<td width=\"587\">Nieto Nafr\u00eda, Juan Manuel&nbsp;&nbsp; &#8211;&nbsp; CU Em\u00e9rito&nbsp; &#8211; (1513- correo electr\u00f3nico: jmnien@unileon.es)<\/td>\n<\/tr>\n<tr>\n<td width=\"587\">Jos\u00e9 Purroy Iraizoz, Francisco&nbsp; &#8211;&nbsp; CU<\/td>\n<\/tr>\n<tr>\n<td width=\"587\"><a href=\"mailto:Jos\u00e9%20M\u00aa%20Salgado%20Costas%20%3cjmsalgadocostas@uvigo.es%3e\">Salgado Costas, Jos\u00e9 M\u00aa&nbsp;&nbsp; &#8211;&nbsp; CU<\/a><\/td>\n<\/tr>\n<tr>\n<td width=\"587\">Garnica Cortezo, Rafael Fco. Javier&nbsp; &#8211;&nbsp; TU<\/td>\n<\/tr>\n<tr>\n<td width=\"587\">Pena \u00c1lvarez, Jos\u00e9 Carlos&nbsp; &#8211; TU<\/td>\n<\/tr>\n<tr>\n<td width=\"587\">Valladares D\u00edez, Luis Felipe&nbsp;&nbsp; &#8211; TU<\/td>\n<\/tr>\n<\/tbody>\n<\/table>\n","protected":false},"excerpt":{"rendered":"<p>Nombre:&nbsp;Milagros Pilar Mier Durante Categor\u00eda:&nbsp;Catedr\u00e1tico de Universidad L\u00edneas de investigaci\u00f3n:&nbsp;Taxonom\u00eda y faun\u00edstica de pulgones o \u00e1fidos (Insecta, Hemiptera, Sternorrhyncha: Aphididae); de acuerdo con la clasificaci\u00f3n de Remaudi\u00e8re y Remaudi\u00e8re ampliada [Nieto Nafr\u00eda &amp; Favret, 2011], Registers of Family-group and genus-group taxa of Aphidoidea \/ Registros de los taxones del nivel familia y del nivel g\u00e9nero [&hellip;]<\/p>\n","protected":false},"author":7,"featured_media":0,"parent":0,"menu_order":0,"comment_status":"closed","ping_status":"open","template":"","meta":{"ngg_post_thumbnail":0,"footnotes":""},"class_list":["post-345","page","type-page","status-publish","hentry"],"yoast_head":"<!-- This site is optimized with the Yoast SEO plugin v25.8 - https:\/\/yoast.com\/wordpress\/plugins\/seo\/ -->\n<title>Zoolog\u00eda: Personal - Departamento de Biodiversidad y Gesti\u00f3n Ambiental<\/title>\n<meta name=\"robots\" content=\"index, follow, max-snippet:-1, max-image-preview:large, max-video-preview:-1\" \/>\n<link rel=\"canonical\" href=\"https:\/\/departamentos.unileon.es\/biodiversidad-y-gestion-ambiental\/zoologia-personal\/\" \/>\n<meta property=\"og:locale\" content=\"es_ES\" \/>\n<meta property=\"og:type\" content=\"article\" \/>\n<meta property=\"og:title\" content=\"Zoolog\u00eda: Personal - Departamento de Biodiversidad y Gesti\u00f3n Ambiental\" \/>\n<meta property=\"og:description\" content=\"Nombre:&nbsp;Milagros Pilar Mier Durante Categor\u00eda:&nbsp;Catedr\u00e1tico de Universidad L\u00edneas de investigaci\u00f3n:&nbsp;Taxonom\u00eda y faun\u00edstica de pulgones o \u00e1fidos (Insecta, Hemiptera, Sternorrhyncha: Aphididae); de acuerdo con la clasificaci\u00f3n de Remaudi\u00e8re y Remaudi\u00e8re ampliada [Nieto Nafr\u00eda &amp; Favret, 2011], Registers of Family-group and genus-group taxa of Aphidoidea \/ Registros de los taxones del nivel familia y del nivel g\u00e9nero [&hellip;]\" \/>\n<meta property=\"og:url\" content=\"https:\/\/departamentos.unileon.es\/biodiversidad-y-gestion-ambiental\/zoologia-personal\/\" \/>\n<meta property=\"og:site_name\" content=\"Departamento de Biodiversidad y Gesti\u00f3n Ambiental\" \/>\n<meta property=\"article:modified_time\" content=\"2021-03-22T19:19:53+00:00\" \/>\n<meta property=\"og:image\" content=\"https:\/\/departamentos.unileon.es\/biodiversidad-y-gestion-ambiental\/files\/2021\/03\/Antonio_Laborda_foto.jpg\" \/>\n\t<meta property=\"og:image:width\" content=\"695\" \/>\n\t<meta property=\"og:image:height\" content=\"787\" \/>\n\t<meta property=\"og:image:type\" content=\"image\/jpeg\" \/>\n<meta name=\"twitter:card\" content=\"summary_large_image\" \/>\n<meta name=\"twitter:label1\" content=\"Tiempo de lectura\" \/>\n\t<meta name=\"twitter:data1\" content=\"4 minutos\" \/>\n<script type=\"application\/ld+json\" class=\"yoast-schema-graph\">{\"@context\":\"https:\/\/schema.org\",\"@graph\":[{\"@type\":\"WebPage\",\"@id\":\"https:\/\/departamentos.unileon.es\/biodiversidad-y-gestion-ambiental\/zoologia-personal\/\",\"url\":\"https:\/\/departamentos.unileon.es\/biodiversidad-y-gestion-ambiental\/zoologia-personal\/\",\"name\":\"Zoolog\u00eda: Personal - Departamento de Biodiversidad y Gesti\u00f3n Ambiental\",\"isPartOf\":{\"@id\":\"https:\/\/departamentos.unileon.es\/biodiversidad-y-gestion-ambiental\/#website\"},\"primaryImageOfPage\":{\"@id\":\"https:\/\/departamentos.unileon.es\/biodiversidad-y-gestion-ambiental\/zoologia-personal\/#primaryimage\"},\"image\":{\"@id\":\"https:\/\/departamentos.unileon.es\/biodiversidad-y-gestion-ambiental\/zoologia-personal\/#primaryimage\"},\"thumbnailUrl\":\"http:\/\/departamentos.unileon.es\/biodiversidad-y-gestion-ambiental\/files\/2021\/03\/Antonio_Laborda_foto.jpg\",\"datePublished\":\"2011-11-04T13:03:23+00:00\",\"dateModified\":\"2021-03-22T19:19:53+00:00\",\"inLanguage\":\"es\",\"potentialAction\":[{\"@type\":\"ReadAction\",\"target\":[\"https:\/\/departamentos.unileon.es\/biodiversidad-y-gestion-ambiental\/zoologia-personal\/\"]}]},{\"@type\":\"ImageObject\",\"inLanguage\":\"es\",\"@id\":\"https:\/\/departamentos.unileon.es\/biodiversidad-y-gestion-ambiental\/zoologia-personal\/#primaryimage\",\"url\":\"http:\/\/departamentos.unileon.es\/biodiversidad-y-gestion-ambiental\/files\/2021\/03\/Antonio_Laborda_foto.jpg\",\"contentUrl\":\"http:\/\/departamentos.unileon.es\/biodiversidad-y-gestion-ambiental\/files\/2021\/03\/Antonio_Laborda_foto.jpg\"},{\"@type\":\"WebSite\",\"@id\":\"https:\/\/departamentos.unileon.es\/biodiversidad-y-gestion-ambiental\/#website\",\"url\":\"https:\/\/departamentos.unileon.es\/biodiversidad-y-gestion-ambiental\/\",\"name\":\"Departamento de Biodiversidad y Gesti\u00f3n Ambiental\",\"description\":\"Otro sitio m\u00e1s de Universidad de Le\u00f3n\",\"potentialAction\":[{\"@type\":\"SearchAction\",\"target\":{\"@type\":\"EntryPoint\",\"urlTemplate\":\"https:\/\/departamentos.unileon.es\/biodiversidad-y-gestion-ambiental\/?s={search_term_string}\"},\"query-input\":{\"@type\":\"PropertyValueSpecification\",\"valueRequired\":true,\"valueName\":\"search_term_string\"}}],\"inLanguage\":\"es\"}]}<\/script>\n<!-- \/ Yoast SEO plugin. -->","yoast_head_json":{"title":"Zoolog\u00eda: Personal - Departamento de Biodiversidad y Gesti\u00f3n Ambiental","robots":{"index":"index","follow":"follow","max-snippet":"max-snippet:-1","max-image-preview":"max-image-preview:large","max-video-preview":"max-video-preview:-1"},"canonical":"https:\/\/departamentos.unileon.es\/biodiversidad-y-gestion-ambiental\/zoologia-personal\/","og_locale":"es_ES","og_type":"article","og_title":"Zoolog\u00eda: Personal - Departamento de Biodiversidad y Gesti\u00f3n Ambiental","og_description":"Nombre:&nbsp;Milagros Pilar Mier Durante Categor\u00eda:&nbsp;Catedr\u00e1tico de Universidad L\u00edneas de investigaci\u00f3n:&nbsp;Taxonom\u00eda y faun\u00edstica de pulgones o \u00e1fidos (Insecta, Hemiptera, Sternorrhyncha: Aphididae); de acuerdo con la clasificaci\u00f3n de Remaudi\u00e8re y Remaudi\u00e8re ampliada [Nieto Nafr\u00eda &amp; Favret, 2011], Registers of Family-group and genus-group taxa of Aphidoidea \/ Registros de los taxones del nivel familia y del nivel g\u00e9nero [&hellip;]","og_url":"https:\/\/departamentos.unileon.es\/biodiversidad-y-gestion-ambiental\/zoologia-personal\/","og_site_name":"Departamento de Biodiversidad y Gesti\u00f3n Ambiental","article_modified_time":"2021-03-22T19:19:53+00:00","og_image":[{"width":695,"height":787,"url":"https:\/\/departamentos.unileon.es\/biodiversidad-y-gestion-ambiental\/files\/2021\/03\/Antonio_Laborda_foto.jpg","type":"image\/jpeg"}],"twitter_card":"summary_large_image","twitter_misc":{"Tiempo de lectura":"4 minutos"},"schema":{"@context":"https:\/\/schema.org","@graph":[{"@type":"WebPage","@id":"https:\/\/departamentos.unileon.es\/biodiversidad-y-gestion-ambiental\/zoologia-personal\/","url":"https:\/\/departamentos.unileon.es\/biodiversidad-y-gestion-ambiental\/zoologia-personal\/","name":"Zoolog\u00eda: Personal - Departamento de Biodiversidad y Gesti\u00f3n Ambiental","isPartOf":{"@id":"https:\/\/departamentos.unileon.es\/biodiversidad-y-gestion-ambiental\/#website"},"primaryImageOfPage":{"@id":"https:\/\/departamentos.unileon.es\/biodiversidad-y-gestion-ambiental\/zoologia-personal\/#primaryimage"},"image":{"@id":"https:\/\/departamentos.unileon.es\/biodiversidad-y-gestion-ambiental\/zoologia-personal\/#primaryimage"},"thumbnailUrl":"http:\/\/departamentos.unileon.es\/biodiversidad-y-gestion-ambiental\/files\/2021\/03\/Antonio_Laborda_foto.jpg","datePublished":"2011-11-04T13:03:23+00:00","dateModified":"2021-03-22T19:19:53+00:00","inLanguage":"es","potentialAction":[{"@type":"ReadAction","target":["https:\/\/departamentos.unileon.es\/biodiversidad-y-gestion-ambiental\/zoologia-personal\/"]}]},{"@type":"ImageObject","inLanguage":"es","@id":"https:\/\/departamentos.unileon.es\/biodiversidad-y-gestion-ambiental\/zoologia-personal\/#primaryimage","url":"http:\/\/departamentos.unileon.es\/biodiversidad-y-gestion-ambiental\/files\/2021\/03\/Antonio_Laborda_foto.jpg","contentUrl":"http:\/\/departamentos.unileon.es\/biodiversidad-y-gestion-ambiental\/files\/2021\/03\/Antonio_Laborda_foto.jpg"},{"@type":"WebSite","@id":"https:\/\/departamentos.unileon.es\/biodiversidad-y-gestion-ambiental\/#website","url":"https:\/\/departamentos.unileon.es\/biodiversidad-y-gestion-ambiental\/","name":"Departamento de Biodiversidad y Gesti\u00f3n Ambiental","description":"Otro sitio m\u00e1s de Universidad de Le\u00f3n","potentialAction":[{"@type":"SearchAction","target":{"@type":"EntryPoint","urlTemplate":"https:\/\/departamentos.unileon.es\/biodiversidad-y-gestion-ambiental\/?s={search_term_string}"},"query-input":{"@type":"PropertyValueSpecification","valueRequired":true,"valueName":"search_term_string"}}],"inLanguage":"es"}]}},"_links":{"self":[{"href":"https:\/\/departamentos.unileon.es\/biodiversidad-y-gestion-ambiental\/wp-json\/wp\/v2\/pages\/345","targetHints":{"allow":["GET"]}}],"collection":[{"href":"https:\/\/departamentos.unileon.es\/biodiversidad-y-gestion-ambiental\/wp-json\/wp\/v2\/pages"}],"about":[{"href":"https:\/\/departamentos.unileon.es\/biodiversidad-y-gestion-ambiental\/wp-json\/wp\/v2\/types\/page"}],"author":[{"embeddable":true,"href":"https:\/\/departamentos.unileon.es\/biodiversidad-y-gestion-ambiental\/wp-json\/wp\/v2\/users\/7"}],"replies":[{"embeddable":true,"href":"https:\/\/departamentos.unileon.es\/biodiversidad-y-gestion-ambiental\/wp-json\/wp\/v2\/comments?post=345"}],"version-history":[{"count":21,"href":"https:\/\/departamentos.unileon.es\/biodiversidad-y-gestion-ambiental\/wp-json\/wp\/v2\/pages\/345\/revisions"}],"predecessor-version":[{"id":733,"href":"https:\/\/departamentos.unileon.es\/biodiversidad-y-gestion-ambiental\/wp-json\/wp\/v2\/pages\/345\/revisions\/733"}],"wp:attachment":[{"href":"https:\/\/departamentos.unileon.es\/biodiversidad-y-gestion-ambiental\/wp-json\/wp\/v2\/media?parent=345"}],"curies":[{"name":"wp","href":"https:\/\/api.w.org\/{rel}","templated":true}]}}