{"id":726,"date":"2019-01-16T12:07:52","date_gmt":"2019-01-16T12:07:52","guid":{"rendered":"http:\/\/departamentos.unileon.es\/area-historia-del-arte\/?page_id=726"},"modified":"2019-01-16T18:32:02","modified_gmt":"2019-01-16T18:32:02","slug":"del-aula-al-museo-2018","status":"publish","type":"page","link":"https:\/\/departamentos.unileon.es\/area-historia-del-arte\/del-aula-al-museo-2018\/","title":{"rendered":"Del Aula al Museo (2018)"},"content":{"rendered":"\n<p style=\"text-align: justify;\">En 2018, la actividad&nbsp;<strong>Del Aula al Museo<\/strong>&nbsp;se implement\u00f3 en las asignaturas&nbsp;<em>Artes Suntuarias y Dise\u00f1o Industrial,<\/em>&nbsp;<em>Arte Barroco espa\u00f1ol <\/em>y <em>Arte del Renacimiento espa\u00f1ol&nbsp;<\/em>del Grado en Historia del Arte.<\/p>\n<p style=\"text-align: justify;\">En el \u00abII&nbsp;Plan de colaboraci\u00f3n entre la Universidad y los Museos Leoneses\u00bb, los museos participantes fueron el Museo de Le\u00f3n, Museo de la catedral de Le\u00f3n y el Museo de la Fundaci\u00f3n Sierra Pambley, en los que los alumnos presentaron al p\u00fablico sus trabajos sobre piezas art\u00edsticas entre los d\u00edas 16 y 18 de mayo de 2018 y en el marco de las celebraciones del \u00abD\u00eda Internacional de los Museos\u00bb.<\/p>\n<p style=\"text-align: justify;\"><span style=\"background-color: #ffffff;\"><strong><span style=\"color: #0000ff;\">Programa (relaci\u00f3n de museos, alumnos y piezas expuestas)<\/span><\/strong><\/span><\/p>\n<p style=\"text-align: justify;\"><strong>Museo Catedralicio y Diocesano de Le\u00f3n (16 de mayo)<\/strong><\/p>\n<ul style=\"list-style-type: square; text-align: justify;\">\n<li>Sergio S\u00e1nchez Marb\u00e1n, <a href=\"http:\/\/departamentos.unileon.es\/area-historia-del-arte\/files\/2019\/01\/Cristo-Juan-de-Juni.pdf\" target=\"_blank\" rel=\"noopener\"><em>Cristo de Juan de Juni<\/em><\/a>.&nbsp;<\/li>\n<\/ul>\n<p style=\"text-align: justify;\"><strong>Museo de Le\u00f3n (17 de mayo)<\/strong><\/p>\n<ul style=\"list-style-type: square; text-align: justify;\">\n<li>Adri\u00e1n Su\u00e1rez L\u00f3pez y Julia Hagedorn, <a href=\"http:\/\/departamentos.unileon.es\/area-historia-del-arte\/files\/2019\/01\/San-El\u00edas-espa\u00f1ol.pdf\" target=\"_blank\" rel=\"noopener\"><em>San El\u00edas y los sacerdotes de&nbsp; Baal<\/em><\/a>.<\/li>\n<li>\u00c1ngel Varela Fern\u00e1ndez y Carlos Varela Fern\u00e1ndez,<a href=\"http:\/\/departamentos.unileon.es\/area-historia-del-arte\/files\/2019\/01\/San-Jos\u00e9.pdf\" target=\"_blank\" rel=\"noopener\"> <em>Escultura Barroca de san Jos\u00e9. C\u00edrculo de Pedro de Mena<\/em>.<\/a><\/li>\n<\/ul>\n<p style=\"text-align: justify;\"><strong>Museo de la Fundaci\u00f3n Sierra Pambley (18 de mayo)<\/strong><\/p>\n<ul style=\"list-style-type: square; text-align: justify;\">\n<li>&nbsp; Mar\u00eda Piedad Calvo Guti\u00e9rrez, <a href=\"http:\/\/departamentos.unileon.es\/area-historia-del-arte\/files\/2019\/01\/Bonheur-du-jour.pdf\" target=\"_blank\" rel=\"noopener\"><em>Bonheur du jour<\/em><\/a>.<\/li>\n<\/ul>\n<p style=\"text-align: justify;\"><img loading=\"lazy\" decoding=\"async\" class=\"size-medium wp-image-753 alignleft\" src=\"http:\/\/departamentos.unileon.es\/area-historia-del-arte\/files\/2019\/01\/IMG-20180518-WA0019-225x300.jpg\" alt=\"\" width=\"225\" height=\"300\" srcset=\"https:\/\/departamentos.unileon.es\/area-historia-del-arte\/files\/2019\/01\/IMG-20180518-WA0019-225x300.jpg 225w, https:\/\/departamentos.unileon.es\/area-historia-del-arte\/files\/2019\/01\/IMG-20180518-WA0019.jpg 768w\" sizes=\"auto, (max-width: 225px) 100vw, 225px\" \/> <img loading=\"lazy\" decoding=\"async\" class=\"size-medium wp-image-752 alignleft\" src=\"http:\/\/departamentos.unileon.es\/area-historia-del-arte\/files\/2019\/01\/IMG-20180518-WA0010-225x300.jpg\" alt=\"\" width=\"225\" height=\"300\" srcset=\"https:\/\/departamentos.unileon.es\/area-historia-del-arte\/files\/2019\/01\/IMG-20180518-WA0010-225x300.jpg 225w, https:\/\/departamentos.unileon.es\/area-historia-del-arte\/files\/2019\/01\/IMG-20180518-WA0010.jpg 768w\" sizes=\"auto, (max-width: 225px) 100vw, 225px\" \/><\/p>\n<p>&nbsp;<\/p>\n<p>&nbsp;<\/p>\n<p>&nbsp;<\/p>\n<p>&nbsp;<\/p>\n<p>&nbsp;<\/p>\n<p>&nbsp;<\/p>\n<p>&nbsp;<\/p>\n<p style=\"text-align: justify;\"><a href=\"http:\/\/departamentos.unileon.es\/area-historia-del-arte\/files\/2019\/01\/Cartel-general-18-2.pdf\" target=\"_blank\" rel=\"noopener\">cartel<\/a><\/p>\n<p style=\"text-align: justify;\"><a href=\"https:\/\/tamtampress.es\/2018\/05\/17\/el-dia-internacional-de-los-museos-en-leon\/\" target=\"_blank\" rel=\"noopener\">noticias Tam-Tam Press<\/a><\/p>\n<p><a href=\"https:\/\/www.lanuevacronica.com\/leon-celebra-el-dia-internacional-de-los-museos-\" target=\"_blank\" rel=\"noopener\">noticias La Nueva Cr\u00f3nica<\/a><\/p>\n<p style=\"text-align: justify;\">&nbsp;<\/p>\n","protected":false},"excerpt":{"rendered":"<p>En 2018, la actividad&nbsp;Del Aula al Museo&nbsp;se implement\u00f3 en las asignaturas&nbsp;Artes Suntuarias y Dise\u00f1o Industrial,&nbsp;Arte Barroco espa\u00f1ol y Arte del Renacimiento espa\u00f1ol&nbsp;del Grado en Historia del Arte. En el \u00abII&nbsp;Plan de colaboraci\u00f3n entre la Universidad y los Museos Leoneses\u00bb, los museos participantes fueron el Museo de Le\u00f3n, Museo de la catedral de Le\u00f3n y el [&hellip;]<\/p>\n","protected":false},"author":151,"featured_media":0,"parent":0,"menu_order":0,"comment_status":"closed","ping_status":"closed","template":"onecolumn-page.php","meta":{"ngg_post_thumbnail":0,"footnotes":""},"class_list":["post-726","page","type-page","status-publish","hentry"],"yoast_head":"<!-- This site is optimized with the Yoast SEO plugin v25.8 - https:\/\/yoast.com\/wordpress\/plugins\/seo\/ -->\n<title>Del Aula al Museo (2018) - \u00c1rea de Historia del Arte<\/title>\n<meta name=\"robots\" content=\"index, follow, max-snippet:-1, max-image-preview:large, max-video-preview:-1\" \/>\n<link rel=\"canonical\" href=\"https:\/\/departamentos.unileon.es\/area-historia-del-arte\/del-aula-al-museo-2018\/\" \/>\n<meta property=\"og:locale\" content=\"es_ES\" \/>\n<meta property=\"og:type\" content=\"article\" \/>\n<meta property=\"og:title\" content=\"Del Aula al Museo (2018) - \u00c1rea de Historia del Arte\" \/>\n<meta property=\"og:description\" content=\"En 2018, la actividad&nbsp;Del Aula al Museo&nbsp;se implement\u00f3 en las asignaturas&nbsp;Artes Suntuarias y Dise\u00f1o Industrial,&nbsp;Arte Barroco espa\u00f1ol y Arte del Renacimiento espa\u00f1ol&nbsp;del Grado en Historia del Arte. En el \u00abII&nbsp;Plan de colaboraci\u00f3n entre la Universidad y los Museos Leoneses\u00bb, los museos participantes fueron el Museo de Le\u00f3n, Museo de la catedral de Le\u00f3n y el [&hellip;]\" \/>\n<meta property=\"og:url\" content=\"https:\/\/departamentos.unileon.es\/area-historia-del-arte\/del-aula-al-museo-2018\/\" \/>\n<meta property=\"og:site_name\" content=\"\u00c1rea de Historia del Arte\" \/>\n<meta property=\"article:modified_time\" content=\"2019-01-16T18:32:02+00:00\" \/>\n<meta property=\"og:image\" content=\"https:\/\/departamentos.unileon.es\/area-historia-del-arte\/files\/2019\/01\/IMG-20180518-WA0019.jpg\" \/>\n\t<meta property=\"og:image:width\" content=\"768\" \/>\n\t<meta property=\"og:image:height\" content=\"1024\" \/>\n\t<meta property=\"og:image:type\" content=\"image\/jpeg\" \/>\n<meta name=\"twitter:card\" content=\"summary_large_image\" \/>\n<meta name=\"twitter:label1\" content=\"Tiempo de lectura\" \/>\n\t<meta name=\"twitter:data1\" content=\"1 minuto\" \/>\n<script type=\"application\/ld+json\" class=\"yoast-schema-graph\">{\"@context\":\"https:\/\/schema.org\",\"@graph\":[{\"@type\":\"WebPage\",\"@id\":\"https:\/\/departamentos.unileon.es\/area-historia-del-arte\/del-aula-al-museo-2018\/\",\"url\":\"https:\/\/departamentos.unileon.es\/area-historia-del-arte\/del-aula-al-museo-2018\/\",\"name\":\"Del Aula al Museo (2018) - \u00c1rea de Historia del Arte\",\"isPartOf\":{\"@id\":\"https:\/\/departamentos.unileon.es\/area-historia-del-arte\/#website\"},\"primaryImageOfPage\":{\"@id\":\"https:\/\/departamentos.unileon.es\/area-historia-del-arte\/del-aula-al-museo-2018\/#primaryimage\"},\"image\":{\"@id\":\"https:\/\/departamentos.unileon.es\/area-historia-del-arte\/del-aula-al-museo-2018\/#primaryimage\"},\"thumbnailUrl\":\"http:\/\/departamentos.unileon.es\/area-historia-del-arte\/files\/2019\/01\/IMG-20180518-WA0019-225x300.jpg\",\"datePublished\":\"2019-01-16T12:07:52+00:00\",\"dateModified\":\"2019-01-16T18:32:02+00:00\",\"inLanguage\":\"es\",\"potentialAction\":[{\"@type\":\"ReadAction\",\"target\":[\"https:\/\/departamentos.unileon.es\/area-historia-del-arte\/del-aula-al-museo-2018\/\"]}]},{\"@type\":\"ImageObject\",\"inLanguage\":\"es\",\"@id\":\"https:\/\/departamentos.unileon.es\/area-historia-del-arte\/del-aula-al-museo-2018\/#primaryimage\",\"url\":\"https:\/\/departamentos.unileon.es\/area-historia-del-arte\/files\/2019\/01\/IMG-20180518-WA0019.jpg\",\"contentUrl\":\"https:\/\/departamentos.unileon.es\/area-historia-del-arte\/files\/2019\/01\/IMG-20180518-WA0019.jpg\",\"width\":768,\"height\":1024},{\"@type\":\"WebSite\",\"@id\":\"https:\/\/departamentos.unileon.es\/area-historia-del-arte\/#website\",\"url\":\"https:\/\/departamentos.unileon.es\/area-historia-del-arte\/\",\"name\":\"\u00c1rea de Historia del Arte\",\"description\":\"p\u00e1gina de \u00c1rea de la Universidad de Le\u00f3n\",\"potentialAction\":[{\"@type\":\"SearchAction\",\"target\":{\"@type\":\"EntryPoint\",\"urlTemplate\":\"https:\/\/departamentos.unileon.es\/area-historia-del-arte\/?s={search_term_string}\"},\"query-input\":{\"@type\":\"PropertyValueSpecification\",\"valueRequired\":true,\"valueName\":\"search_term_string\"}}],\"inLanguage\":\"es\"}]}<\/script>\n<!-- \/ Yoast SEO plugin. -->","yoast_head_json":{"title":"Del Aula al Museo (2018) - \u00c1rea de Historia del Arte","robots":{"index":"index","follow":"follow","max-snippet":"max-snippet:-1","max-image-preview":"max-image-preview:large","max-video-preview":"max-video-preview:-1"},"canonical":"https:\/\/departamentos.unileon.es\/area-historia-del-arte\/del-aula-al-museo-2018\/","og_locale":"es_ES","og_type":"article","og_title":"Del Aula al Museo (2018) - \u00c1rea de Historia del Arte","og_description":"En 2018, la actividad&nbsp;Del Aula al Museo&nbsp;se implement\u00f3 en las asignaturas&nbsp;Artes Suntuarias y Dise\u00f1o Industrial,&nbsp;Arte Barroco espa\u00f1ol y Arte del Renacimiento espa\u00f1ol&nbsp;del Grado en Historia del Arte. En el \u00abII&nbsp;Plan de colaboraci\u00f3n entre la Universidad y los Museos Leoneses\u00bb, los museos participantes fueron el Museo de Le\u00f3n, Museo de la catedral de Le\u00f3n y el [&hellip;]","og_url":"https:\/\/departamentos.unileon.es\/area-historia-del-arte\/del-aula-al-museo-2018\/","og_site_name":"\u00c1rea de Historia del Arte","article_modified_time":"2019-01-16T18:32:02+00:00","og_image":[{"width":768,"height":1024,"url":"https:\/\/departamentos.unileon.es\/area-historia-del-arte\/files\/2019\/01\/IMG-20180518-WA0019.jpg","type":"image\/jpeg"}],"twitter_card":"summary_large_image","twitter_misc":{"Tiempo de lectura":"1 minuto"},"schema":{"@context":"https:\/\/schema.org","@graph":[{"@type":"WebPage","@id":"https:\/\/departamentos.unileon.es\/area-historia-del-arte\/del-aula-al-museo-2018\/","url":"https:\/\/departamentos.unileon.es\/area-historia-del-arte\/del-aula-al-museo-2018\/","name":"Del Aula al Museo (2018) - \u00c1rea de Historia del Arte","isPartOf":{"@id":"https:\/\/departamentos.unileon.es\/area-historia-del-arte\/#website"},"primaryImageOfPage":{"@id":"https:\/\/departamentos.unileon.es\/area-historia-del-arte\/del-aula-al-museo-2018\/#primaryimage"},"image":{"@id":"https:\/\/departamentos.unileon.es\/area-historia-del-arte\/del-aula-al-museo-2018\/#primaryimage"},"thumbnailUrl":"http:\/\/departamentos.unileon.es\/area-historia-del-arte\/files\/2019\/01\/IMG-20180518-WA0019-225x300.jpg","datePublished":"2019-01-16T12:07:52+00:00","dateModified":"2019-01-16T18:32:02+00:00","inLanguage":"es","potentialAction":[{"@type":"ReadAction","target":["https:\/\/departamentos.unileon.es\/area-historia-del-arte\/del-aula-al-museo-2018\/"]}]},{"@type":"ImageObject","inLanguage":"es","@id":"https:\/\/departamentos.unileon.es\/area-historia-del-arte\/del-aula-al-museo-2018\/#primaryimage","url":"https:\/\/departamentos.unileon.es\/area-historia-del-arte\/files\/2019\/01\/IMG-20180518-WA0019.jpg","contentUrl":"https:\/\/departamentos.unileon.es\/area-historia-del-arte\/files\/2019\/01\/IMG-20180518-WA0019.jpg","width":768,"height":1024},{"@type":"WebSite","@id":"https:\/\/departamentos.unileon.es\/area-historia-del-arte\/#website","url":"https:\/\/departamentos.unileon.es\/area-historia-del-arte\/","name":"\u00c1rea de Historia del Arte","description":"p\u00e1gina de \u00c1rea de la Universidad de Le\u00f3n","potentialAction":[{"@type":"SearchAction","target":{"@type":"EntryPoint","urlTemplate":"https:\/\/departamentos.unileon.es\/area-historia-del-arte\/?s={search_term_string}"},"query-input":{"@type":"PropertyValueSpecification","valueRequired":true,"valueName":"search_term_string"}}],"inLanguage":"es"}]}},"_links":{"self":[{"href":"https:\/\/departamentos.unileon.es\/area-historia-del-arte\/wp-json\/wp\/v2\/pages\/726","targetHints":{"allow":["GET"]}}],"collection":[{"href":"https:\/\/departamentos.unileon.es\/area-historia-del-arte\/wp-json\/wp\/v2\/pages"}],"about":[{"href":"https:\/\/departamentos.unileon.es\/area-historia-del-arte\/wp-json\/wp\/v2\/types\/page"}],"author":[{"embeddable":true,"href":"https:\/\/departamentos.unileon.es\/area-historia-del-arte\/wp-json\/wp\/v2\/users\/151"}],"replies":[{"embeddable":true,"href":"https:\/\/departamentos.unileon.es\/area-historia-del-arte\/wp-json\/wp\/v2\/comments?post=726"}],"version-history":[{"count":13,"href":"https:\/\/departamentos.unileon.es\/area-historia-del-arte\/wp-json\/wp\/v2\/pages\/726\/revisions"}],"predecessor-version":[{"id":779,"href":"https:\/\/departamentos.unileon.es\/area-historia-del-arte\/wp-json\/wp\/v2\/pages\/726\/revisions\/779"}],"wp:attachment":[{"href":"https:\/\/departamentos.unileon.es\/area-historia-del-arte\/wp-json\/wp\/v2\/media?parent=726"}],"curies":[{"name":"wp","href":"https:\/\/api.w.org\/{rel}","templated":true}]}}